{"id":106,"date":"2022-05-08T23:46:06","date_gmt":"2022-05-08T21:46:06","guid":{"rendered":"https:\/\/wp801108.luwp-s094.letuswordpress.de\/?page_id=106"},"modified":"2025-08-21T23:25:12","modified_gmt":"2025-08-21T21:25:12","slug":"werbung","status":"publish","type":"page","link":"https:\/\/radio-tempore.wp-name.de\/index.php\/ueber\/werbung\/","title":{"rendered":"Werbung"},"content":{"rendered":"\n<p><\/p>\n\n\n\n<p><\/p>\n\n\n\n<p>Meine Sender-Plattform <a href=\"https:\/\/www.laut.de\/\">laut.fm<\/a> hostet meine beiden Webradios Radio-Tempore und Mixx21. Dabei stellt sie nicht nur die Server und Sendetechnik sondern bezahlt al\u00adle GEMA- und GVL-Ge\u00adb\u00fch\u00adren sowie die Strea\u00adming\u00adkos\u00adten. Und f\u00fcr diesen Service braucht es einen finanziellen Ausgleich.<\/p>\n\n\n\n<p>Aus diesem Grund m\u00fcs\u00adsen wir, die Nutzer dieses Services, die Schaltung von Wer\u00adbung in unseren Sendungen zulassen. Wahrscheinlich ist es Dir schon aufgefallen, dass es daf\u00fcr ein Muster gibt: Direkt beim Einschalten in den Webradio-Empfang sowie zweimal innerhalb einer Stunde ist der Werbeblock vorgesehen. Ob dann auch Werbung gesendet wird, h\u00e4ngt von wichtigen Voraussetzungen ab. <\/p>\n\n\n\n<p>Die Inhalte der Werbung haben meist einen lokalen Bezug. Dadurch ist es m\u00f6glich, dass beispielsweise bei den H\u00f6rern in Norddeutschland Werbung l\u00e4uft, im restlichen Gebiet aber nicht &#8211; oder andersrum. Mein Webstream (meine Sendung) wird dann f\u00fcr die Werbeeinblendung angehalten und danach fortgesetzt. In den Gebieten ohne Werbeeinblendung l\u00e4uft der Stream weiter. So entsteht auch folgende Situation:<\/p>\n\n\n\n<p>Wenn mein Webstream angehalten wird, verschieben sich die Zeiten innerhalb einer Sendung um wenige Minuten gegen\u00fcber den Gebieten ohne Werbung. Anders als beim \u00f6ffentlichen Radio findet also im Webradio z.B. eine Nachrichtensendung nicht p\u00fcnktlich zur vollen Stunde statt.<\/p>\n\n\n\n<h2 class=\"wp-block-heading\">Audio-Spots buchen<\/h2>\n\n\n\n<p>Wer\u00adbung\u00adtrei\u00adben\u00adde und Agen\u00adtu\u00adren, die auf meinen Stationen &#8218;Radio-Tempore&#8216; und &#8218;Mixx21&#8216; Werbung schalten m\u00f6chten oder sich \u00fcber die viel\u00adf\u00e4l\u00adti\u00adgen Wer\u00adbem\u00f6g\u00adlich\u00adkei\u00adten und Pro\u00adduk\u00adte auf laut.fm in\u00adfor\u00admie\u00adren wol\u00adlen, k\u00f6n\u00adnen sich hier an den Ver\u00admark\u00adter\u00a0<a href=\"http:\/\/www.rms.de\/\" target=\"_blank\" rel=\"noreferrer noopener\">RMS Radio Marketing Service GmbH &amp; Co. KG<\/a>\u00a0wen\u00adden.<\/p>\n\n\n\n<p>Wie bereits weiter oben geschrieben, bekomme ich keine Verg\u00fctung f\u00fcr die dann gesendete Werbung.<\/p>\n\n\n\n<p><\/p>\n","protected":false},"excerpt":{"rendered":"<p>Meine Sender-Plattform laut.fm hostet meine beiden Webradios Radio-Tempore und Mixx21. Dabei stellt sie nicht nur die Server und Sendetechnik sondern bezahlt al\u00adle GEMA- und GVL-Ge\u00adb\u00fch\u00adren sowie die Strea\u00adming\u00adkos\u00adten. Und f\u00fcr diesen Service braucht es einen finanziellen Ausgleich. Aus diesem Grund m\u00fcs\u00adsen wir, die Nutzer dieses Services, die Schaltung von Wer\u00adbung in unseren Sendungen zulassen. Wahrscheinlich [&hellip;]<\/p>\n","protected":false},"author":1,"featured_media":882,"parent":109,"menu_order":4,"comment_status":"closed","ping_status":"closed","template":"template-home.php","meta":{"saved_in_kubio":false,"advanced_seo_description":"","jetpack_seo_html_title":"","jetpack_seo_noindex":false,"footnotes":""},"class_list":["post-106","page","type-page","status-publish","has-post-thumbnail","hentry"],"kubio_ai_page_context":{"short_desc":"","purpose":"general"},"jetpack_likes_enabled":true,"jetpack_sharing_enabled":true,"_links":{"self":[{"href":"https:\/\/radio-tempore.wp-name.de\/index.php\/wp-json\/wp\/v2\/pages\/106","targetHints":{"allow":["GET"]}}],"collection":[{"href":"https:\/\/radio-tempore.wp-name.de\/index.php\/wp-json\/wp\/v2\/pages"}],"about":[{"href":"https:\/\/radio-tempore.wp-name.de\/index.php\/wp-json\/wp\/v2\/types\/page"}],"author":[{"embeddable":true,"href":"https:\/\/radio-tempore.wp-name.de\/index.php\/wp-json\/wp\/v2\/users\/1"}],"replies":[{"embeddable":true,"href":"https:\/\/radio-tempore.wp-name.de\/index.php\/wp-json\/wp\/v2\/comments?post=106"}],"version-history":[{"count":2,"href":"https:\/\/radio-tempore.wp-name.de\/index.php\/wp-json\/wp\/v2\/pages\/106\/revisions"}],"predecessor-version":[{"id":1125,"href":"https:\/\/radio-tempore.wp-name.de\/index.php\/wp-json\/wp\/v2\/pages\/106\/revisions\/1125"}],"up":[{"embeddable":true,"href":"https:\/\/radio-tempore.wp-name.de\/index.php\/wp-json\/wp\/v2\/pages\/109"}],"wp:featuredmedia":[{"embeddable":true,"href":"https:\/\/radio-tempore.wp-name.de\/index.php\/wp-json\/wp\/v2\/media\/882"}],"wp:attachment":[{"href":"https:\/\/radio-tempore.wp-name.de\/index.php\/wp-json\/wp\/v2\/media?parent=106"}],"curies":[{"name":"wp","href":"https:\/\/api.w.org\/{rel}","templated":true}]}}